{"version":"1.0","provider_name":"Instytut Polski w Wiedniu","provider_url":"https:\/\/instytutpolski.pl\/wien","author_name":"madanya","author_url":"https:\/\/instytutpolski.pl\/wien\/author\/madanya\/","title":"- Instytut Polski w Wiedniu","type":"rich","width":600,"height":338,"html":"<blockquote class=\"wp-embedded-content\" data-secret=\"bfPemgs3i8\"><a href=\"https:\/\/instytutpolski.pl\/wien\/2025\/03\/24\/25704\/\"><\/a><\/blockquote><iframe sandbox=\"allow-scripts\" security=\"restricted\" src=\"https:\/\/instytutpolski.pl\/wien\/2025\/03\/24\/25704\/embed\/#?secret=bfPemgs3i8\" width=\"600\" height=\"338\" title=\"&#8222;&#8221; &#8212; Instytut Polski w Wiedniu\" data-secret=\"bfPemgs3i8\" frameborder=\"0\" marginwidth=\"0\" marginheight=\"0\" scrolling=\"no\" class=\"wp-embedded-content\"><\/iframe><script type=\"text\/javascript\">\n\/* <![CDATA[ *\/\n\/*! This file is auto-generated *\/\n!function(d,l){\"use strict\";l.querySelector&&d.addEventListener&&\"undefined\"!=typeof URL&&(d.wp=d.wp||{},d.wp.receiveEmbedMessage||(d.wp.receiveEmbedMessage=function(e){var t=e.data;if((t||t.secret||t.message||t.value)&&!\/[^a-zA-Z0-9]\/.test(t.secret)){for(var s,r,n,a=l.querySelectorAll('iframe[data-secret=\"'+t.secret+'\"]'),o=l.querySelectorAll('blockquote[data-secret=\"'+t.secret+'\"]'),c=new RegExp(\"^https?:$\",\"i\"),i=0;i<o.length;i++)o[i].style.display=\"none\";for(i=0;i<a.length;i++)s=a[i],e.source===s.contentWindow&&(s.removeAttribute(\"style\"),\"height\"===t.message?(1e3<(r=parseInt(t.value,10))?r=1e3:~~r<200&&(r=200),s.height=r):\"link\"===t.message&&(r=new URL(s.getAttribute(\"src\")),n=new URL(t.value),c.test(n.protocol))&&n.host===r.host&&l.activeElement===s&&(d.top.location.href=t.value))}},d.addEventListener(\"message\",d.wp.receiveEmbedMessage,!1),l.addEventListener(\"DOMContentLoaded\",function(){for(var e,t,s=l.querySelectorAll(\"iframe.wp-embedded-content\"),r=0;r<s.length;r++)(t=(e=s[r]).getAttribute(\"data-secret\"))||(t=Math.random().toString(36).substring(2,12),e.src+=\"#?secret=\"+t,e.setAttribute(\"data-secret\",t)),e.contentWindow.postMessage({message:\"ready\",secret:t},\"*\")},!1)))}(window,document);\n\/* ]]> *\/\n<\/script>\n","thumbnail_url":"https:\/\/instytutpolski.pl\/wien\/wp-content\/uploads\/sites\/2\/2025\/03\/cowomen-UUPpu2sYV6E-unsplash-scaled.jpg","thumbnail_width":2560,"thumbnail_height":1707,"description":"Im Fokus des polnischen EU-Vorsitzes stehen insbesondere Themen wie Energiesicherheit, Cyberabwehr und der Schutz der EU-Au\u00dfengrenzen. Neben politischen und wirtschaftlichen Priorit\u00e4ten plant Polen ein umfangreiches kulturelles Rahmenprogramm. Dazu geh\u00f6ren Konzerte, Ausstellungen, Filmvorf\u00fchrungen und literarische Veranstaltungen, die in ganz Europa stattfinden sollen. Ziel ist es, das reiche kulturelle Erbe Polens zu pr\u00e4sentieren und den Dialog zwischen [&hellip;]"}